{"id":18,"date":"2024-04-03T15:14:00","date_gmt":"2024-04-03T12:14:00","guid":{"rendered":"https:\/\/www.transfem.fi\/?page_id=18"},"modified":"2026-04-30T04:02:19","modified_gmt":"2026-04-30T01:02:19","slug":"blog","status":"publish","type":"page","link":"https:\/\/www.transfeminiinit.fi\/index.php\/blog\/","title":{"rendered":"Uutiset"},"content":{"rendered":"\n<div class=\"wp-block-group alignwide lines-bg-4 has-base-background-color has-background\"><div class=\"wp-block-group__inner-container is-layout-constrained wp-block-group-is-layout-constrained\">\n<div class=\"wp-block-group alignwide has-base-3-background-color has-background\"><div class=\"wp-block-group__inner-container is-layout-constrained wp-block-group-is-layout-constrained\">\n<h1 class=\"wp-block-heading has-text-align-center has-0-b-3778-color has-text-color has-link-color wp-elements-fa693582db50db2f96058f9446a202cf\">Uutiset ja muut artikkelit<\/h1>\n<\/div><\/div>\n<\/div><\/div>\n\n\n\n<div style=\"height:49px\" aria-hidden=\"true\" class=\"wp-block-spacer\"><\/div>\n\n\n\n<div class=\"wp-block-query alignwide is-layout-flow wp-block-query-is-layout-flow\">\n<div class=\"wp-block-query is-layout-flow wp-block-query-is-layout-flow\">\n<div class=\"wp-block-group has-contrast-3-background-color has-background\"><div class=\"wp-block-group__inner-container is-layout-constrained wp-block-group-is-layout-constrained\">\n<div class=\"wp-block-group alignwide has-base-3-background-color has-background\"><div class=\"wp-block-group__inner-container is-layout-constrained wp-block-group-is-layout-constrained\">\n<div class=\"wp-block-group is-content-justification-center is-nowrap is-layout-flex wp-container-core-group-is-layout-499140ed wp-block-group-is-layout-flex\">\n<div style=\"height:100px;width:48px\" aria-hidden=\"true\" class=\"wp-block-spacer wp-container-content-fd3097a4\"><\/div>\n\n\n<ul class=\"alignwide wp-block-post-template wp-container-content-f67f277b is-layout-flow wp-block-post-template-is-layout-flow\"><li class=\"wp-block-post post-1249 post type-post status-publish format-standard hentry category-artikkelit category-uutiset\">\n\n\n\n<div style=\"height:20px;width:0px\" aria-hidden=\"true\" class=\"wp-block-spacer wp-container-content-f67f277b\"><\/div>\n\n\n\n<div class=\"wp-block-group is-vertical is-content-justification-left is-nowrap is-layout-flex wp-container-core-group-is-layout-08efd314 wp-block-group-is-layout-flex\">\n<div class=\"wp-block-group is-nowrap is-layout-flex wp-container-core-group-is-layout-ad2f72ca wp-block-group-is-layout-flex\"><h2 class=\"has-text-align-left wp-block-post-title has-x-large-font-size\"><a href=\"https:\/\/www.transfeminiinit.fi\/index.php\/transnuorten-kohtaaminen-liikuntaharrastuksissa-eoy-transfeminiinit-ry\/\" target=\"_self\" >Transnuorten kohtaaminen liikuntaharrastuksissa &#8211; EOY &amp; Transfeminiinit ry<\/a><\/h2>\n\n\n<div style=\"height:100px;width:185px\" aria-hidden=\"true\" class=\"wp-block-spacer wp-container-content-e9f04147\"><\/div>\n<\/div>\n\n\n<div class=\"wp-block-post-date\"><time datetime=\"2026-03-20T11:39:36.126Z\">20 maaliskuun, 2026<\/time><\/div>\n\n\n<div style=\"height:16px;width:0px\" aria-hidden=\"true\" class=\"wp-block-spacer wp-container-content-f9bd05ee\"><\/div>\n\n\n<div style=\"font-size:15px;\" class=\"has-text-align-left wp-block-post-excerpt\"><p class=\"wp-block-post-excerpt__excerpt\">Projekti tuotetaan yhteisty\u00f6ss\u00e4 V\u00e4est\u00f6liiton Et Ole Yksin -toiminnan kanssa antamaan tukea nuorten liikuntatoimintaa vet\u00e4ville toimijoille transnuorten kohtaamisessa sek\u00e4 transvastaisten tekojen vastustamisessa. Oletko kuullut transvastaisia kommentteja nuorilta, vanhemmilta tai muilta toimintaan osallistuvilta, etk\u00e4 tiennyt miten vastata? Huolestuttaako, ettet mahdollisesti tied\u00e4 kuinka parhaiten reagoida, jos t\u00e4llainen tilanne tulee vastaan ty\u00f6ss\u00e4si? Pohditko, kuinka&hellip; <\/p><\/div><\/div>\n\n\n\n<div style=\"height:7px;width:0px\" aria-hidden=\"true\" class=\"wp-block-spacer\"><\/div>\n\n\n\n<hr class=\"wp-block-separator has-text-color has-contrast-3-color has-alpha-channel-opacity has-contrast-3-background-color has-background\"\/>\n\n<\/li><li class=\"wp-block-post post-1201 post type-post status-publish format-standard hentry category-artikkelit category-uutiset\">\n\n\n\n<div style=\"height:20px;width:0px\" aria-hidden=\"true\" class=\"wp-block-spacer wp-container-content-f67f277b\"><\/div>\n\n\n\n<div class=\"wp-block-group is-vertical is-content-justification-left is-nowrap is-layout-flex wp-container-core-group-is-layout-08efd314 wp-block-group-is-layout-flex\">\n<div class=\"wp-block-group is-nowrap is-layout-flex wp-container-core-group-is-layout-ad2f72ca wp-block-group-is-layout-flex\"><h2 class=\"has-text-align-left wp-block-post-title has-x-large-font-size\"><a href=\"https:\/\/www.transfeminiinit.fi\/index.php\/transnaiset-ovat-naisia-nain-paatettiin-euroopan-parlamentissa\/\" target=\"_self\" >Transnaiset ovat naisia, n\u00e4in p\u00e4\u00e4tettiin Euroopan parlamentissa.<\/a><\/h2>\n\n\n<div style=\"height:100px;width:185px\" aria-hidden=\"true\" class=\"wp-block-spacer wp-container-content-e9f04147\"><\/div>\n<\/div>\n\n\n<div class=\"wp-block-post-date\"><time datetime=\"2026-03-20T11:39:36.126Z\">20 maaliskuun, 2026<\/time><\/div>\n\n\n<div style=\"height:16px;width:0px\" aria-hidden=\"true\" class=\"wp-block-spacer wp-container-content-f9bd05ee\"><\/div>\n\n\n<div style=\"font-size:15px;\" class=\"has-text-align-left wp-block-post-excerpt\"><p class=\"wp-block-post-excerpt__excerpt\">Transnaiset ovat naisia. N\u00e4in p\u00e4\u00e4tettiin Euroopan parlamentissa \u00e4\u00e4nin 340\u2013141 sen antamassa suosituksessa neuvostolle liittyen EU:n prioriteetteihin YK:n Naisten oikeuksien komissiolle 70. sessiolle maaliskuussa 2026 New Yorkissa. T\u00e4m\u00e4n vuoden p\u00e4\u00e4teemana on \u2019Mahdollisuuksien vahvistaminen ja varmistaminen oikeuteen jokaiselle naiselle ja tyt\u00f6lle, mukaan lukien edist\u00e4m\u00e4ll\u00e4 inklusiivista ja tasapuolista oikeusj\u00e4rjestelm\u00e4\u00e4, karsimalla syrjiv\u00e4t lait, linjaukset&hellip; <\/p><\/div><\/div>\n\n\n\n<div style=\"height:7px;width:0px\" aria-hidden=\"true\" class=\"wp-block-spacer\"><\/div>\n\n\n\n<hr class=\"wp-block-separator has-text-color has-contrast-3-color has-alpha-channel-opacity has-contrast-3-background-color has-background\"\/>\n\n<\/li><li class=\"wp-block-post post-1197 post type-post status-publish format-standard hentry category-artikkelit category-ryhmat-ja-toiminta\">\n\n\n\n<div style=\"height:20px;width:0px\" aria-hidden=\"true\" class=\"wp-block-spacer wp-container-content-f67f277b\"><\/div>\n\n\n\n<div class=\"wp-block-group is-vertical is-content-justification-left is-nowrap is-layout-flex wp-container-core-group-is-layout-08efd314 wp-block-group-is-layout-flex\">\n<div class=\"wp-block-group is-nowrap is-layout-flex wp-container-core-group-is-layout-ad2f72ca wp-block-group-is-layout-flex\"><h2 class=\"has-text-align-left wp-block-post-title has-x-large-font-size\"><a href=\"https:\/\/www.transfeminiinit.fi\/index.php\/enemman-yhdessa-ystavanpaiva-etkot-13-2-klo-1030-1500\/\" target=\"_self\" >\u200b\u200bEnemm\u00e4n yhdess\u00e4 &#8211; Yst\u00e4v\u00e4np\u00e4iv\u00e4 etkot 13.2 \u200bklo 10:30 &#8211; 15:00<\/a><\/h2>\n\n\n<div style=\"height:100px;width:185px\" aria-hidden=\"true\" class=\"wp-block-spacer wp-container-content-e9f04147\"><\/div>\n<\/div>\n\n\n<div class=\"wp-block-post-date\"><time datetime=\"2026-03-20T11:39:36.126Z\">20 maaliskuun, 2026<\/time><\/div>\n\n\n<div style=\"height:16px;width:0px\" aria-hidden=\"true\" class=\"wp-block-spacer wp-container-content-f9bd05ee\"><\/div>\n\n\n<div style=\"font-size:15px;\" class=\"has-text-align-left wp-block-post-excerpt\"><p class=\"wp-block-post-excerpt__excerpt\">Tule taiteilemaan sek\u00e4 juttelemaan kanssamme! Pisteell\u00e4mme p\u00e4\u00e4see tekem\u00e4\u00e4n yhteis\u00f6llist\u00e4 taideteosta maalamalla, piirt\u00e4m\u00e4ll\u00e4 tai lehtileikkeit\u00e4 hy\u00f6dynt\u00e4en! J\u00e4rjest\u00e4mme my\u00f6s tunnin pituisen keskustelupiirin klo 12, johon voi tulla vapaasti mukaan juttelemaan transsukupuolisuuteen liittyvist\u00e4 teemoista, koski se sitten itse\u00e4si tai l\u00e4heist\u00e4si. Huom. keskustelupiiri kokoontuu klo 12 salissa Transfeminiinien pisteell\u00e4 ja siirtyy 2. kerroksen kokoustila&hellip; <\/p><\/div><\/div>\n\n\n\n<div style=\"height:7px;width:0px\" aria-hidden=\"true\" class=\"wp-block-spacer\"><\/div>\n\n\n\n<hr class=\"wp-block-separator has-text-color has-contrast-3-color has-alpha-channel-opacity has-contrast-3-background-color has-background\"\/>\n\n<\/li><li class=\"wp-block-post post-1148 post type-post status-publish format-standard hentry category-uncategorized\">\n\n\n\n<div style=\"height:20px;width:0px\" aria-hidden=\"true\" class=\"wp-block-spacer wp-container-content-f67f277b\"><\/div>\n\n\n\n<div class=\"wp-block-group is-vertical is-content-justification-left is-nowrap is-layout-flex wp-container-core-group-is-layout-08efd314 wp-block-group-is-layout-flex\">\n<div class=\"wp-block-group is-nowrap is-layout-flex wp-container-core-group-is-layout-ad2f72ca wp-block-group-is-layout-flex\"><h2 class=\"has-text-align-left wp-block-post-title has-x-large-font-size\"><a href=\"https:\/\/www.transfeminiinit.fi\/index.php\/vastaa-kyselyyn-helsingin-tulevasta-toiminnasta\/\" target=\"_self\" >Vastaa kyselyyn Helsingin tulevasta toiminnasta!<\/a><\/h2>\n\n\n<div style=\"height:100px;width:185px\" aria-hidden=\"true\" class=\"wp-block-spacer wp-container-content-e9f04147\"><\/div>\n<\/div>\n\n\n<div class=\"wp-block-post-date\"><time datetime=\"2026-03-20T11:39:36.126Z\">20 maaliskuun, 2026<\/time><\/div>\n\n\n<div style=\"height:16px;width:0px\" aria-hidden=\"true\" class=\"wp-block-spacer wp-container-content-f9bd05ee\"><\/div>\n\n\n<div style=\"font-size:15px;\" class=\"has-text-align-left wp-block-post-excerpt\"><p class=\"wp-block-post-excerpt__excerpt\">Olemme saaneet merkitt\u00e4v\u00e4n rahoituksen Helsingilt\u00e4 t\u00e4lle vuodelle. Kehit\u00e4mme toimintaamme entist\u00e4 monipuolisemmaksi ja palveluja toiveita vastaavammaksi. Jotta voimme paremmin vastata toiveitanne palveluistamme, vastaathan kyselyyn sunnuntaihin 18.1. menness\u00e4. Linkki kyselyyn l\u00f6ytyy t\u00e4st\u00e4! <\/p><\/div><\/div>\n\n\n\n<div style=\"height:7px;width:0px\" aria-hidden=\"true\" class=\"wp-block-spacer\"><\/div>\n\n\n\n<hr class=\"wp-block-separator has-text-color has-contrast-3-color has-alpha-channel-opacity has-contrast-3-background-color has-background\"\/>\n\n<\/li><li class=\"wp-block-post post-1145 post type-post status-publish format-standard hentry category-ryhmat-ja-toiminta category-tiedotteet category-yhdistys\">\n\n\n\n<div style=\"height:20px;width:0px\" aria-hidden=\"true\" class=\"wp-block-spacer wp-container-content-f67f277b\"><\/div>\n\n\n\n<div class=\"wp-block-group is-vertical is-content-justification-left is-nowrap is-layout-flex wp-container-core-group-is-layout-08efd314 wp-block-group-is-layout-flex\">\n<div class=\"wp-block-group is-nowrap is-layout-flex wp-container-core-group-is-layout-ad2f72ca wp-block-group-is-layout-flex\"><h2 class=\"has-text-align-left wp-block-post-title has-x-large-font-size\"><a href=\"https:\/\/www.transfeminiinit.fi\/index.php\/oulun-ryhmat-ovat-tauolla-tammikuussa-support-groups-in-oulu-are-on-break-through-january\/\" target=\"_self\" >Oulun ryhm\u00e4t ovat tauolla tammikuussa\/Support groups in Oulu are on break through January<\/a><\/h2>\n\n\n<div style=\"height:100px;width:185px\" aria-hidden=\"true\" class=\"wp-block-spacer wp-container-content-e9f04147\"><\/div>\n<\/div>\n\n\n<div class=\"wp-block-post-date\"><time datetime=\"2026-03-20T11:39:36.126Z\">20 maaliskuun, 2026<\/time><\/div>\n\n\n<div style=\"height:16px;width:0px\" aria-hidden=\"true\" class=\"wp-block-spacer wp-container-content-f9bd05ee\"><\/div>\n\n\n<div style=\"font-size:15px;\" class=\"has-text-align-left wp-block-post-excerpt\"><p class=\"wp-block-post-excerpt__excerpt\">Oulun vertaistukiryhm\u00e4t ovat valitettavasti tauolla tammikuun ajan resurssipulan vuoksi. Tulemme jatkamaan ryhmi\u00e4 taas helmikuussa. Tervetuloa taas silloin! Unfortunately peer support groups in Oulu are on break through January due to lack of resources. We will be continuing the groups again in February. Welcome again then! <\/p><\/div><\/div>\n\n\n\n<div style=\"height:7px;width:0px\" aria-hidden=\"true\" class=\"wp-block-spacer\"><\/div>\n\n\n\n<hr class=\"wp-block-separator has-text-color has-contrast-3-color has-alpha-channel-opacity has-contrast-3-background-color has-background\"\/>\n\n<\/li><\/ul><\/div>\n<\/div><\/div>\n\n\n\n<div style=\"height:47px\" aria-hidden=\"true\" class=\"wp-block-spacer\"><\/div>\n\n\n<nav class=\"wp-block-query-pagination is-content-justification-center is-layout-flex wp-container-core-query-pagination-is-layout-16018d1d wp-block-query-pagination-is-layout-flex\" aria-label=\"Sivutus\">\n\n\n<div class=\"wp-block-query-pagination-numbers\"><span aria-current=\"page\" class=\"page-numbers current\">1<\/span>\n<a class=\"page-numbers\" href=\"?query-22-page=2\">2<\/a>\n<a class=\"page-numbers\" href=\"?query-22-page=3\">3<\/a>\n<span class=\"page-numbers dots\">&hellip;<\/span>\n<a class=\"page-numbers\" href=\"?query-22-page=9\">9<\/a><\/div>\n\n<a href=\"\/index.php\/wp-json\/wp\/v2\/pages\/18?query-22-page=2\" class=\"wp-block-query-pagination-next\">Seuraava sivu<\/a>\n<\/nav><\/div><\/div>\n<\/div>\n<\/div>\n","protected":false},"excerpt":{"rendered":"<p>Uutiset ja muut artikkelit<\/p>\n","protected":false},"author":3,"featured_media":0,"parent":0,"menu_order":0,"comment_status":"closed","ping_status":"closed","template":"","meta":{"footnotes":""},"class_list":["post-18","page","type-page","status-publish"],"_links":{"self":[{"href":"https:\/\/www.transfeminiinit.fi\/index.php\/wp-json\/wp\/v2\/pages\/18","targetHints":{"allow":["GET"]}}],"collection":[{"href":"https:\/\/www.transfeminiinit.fi\/index.php\/wp-json\/wp\/v2\/pages"}],"about":[{"href":"https:\/\/www.transfeminiinit.fi\/index.php\/wp-json\/wp\/v2\/types\/page"}],"author":[{"embeddable":true,"href":"https:\/\/www.transfeminiinit.fi\/index.php\/wp-json\/wp\/v2\/users\/3"}],"replies":[{"embeddable":true,"href":"https:\/\/www.transfeminiinit.fi\/index.php\/wp-json\/wp\/v2\/comments?post=18"}],"version-history":[{"count":11,"href":"https:\/\/www.transfeminiinit.fi\/index.php\/wp-json\/wp\/v2\/pages\/18\/revisions"}],"predecessor-version":[{"id":1558,"href":"https:\/\/www.transfeminiinit.fi\/index.php\/wp-json\/wp\/v2\/pages\/18\/revisions\/1558"}],"wp:attachment":[{"href":"https:\/\/www.transfeminiinit.fi\/index.php\/wp-json\/wp\/v2\/media?parent=18"}],"curies":[{"name":"wp","href":"https:\/\/api.w.org\/{rel}","templated":true}]}}