{"id":84,"date":"2024-04-08T13:44:41","date_gmt":"2024-04-08T10:44:41","guid":{"rendered":"https:\/\/www.transfem.fi\/?page_id=84"},"modified":"2026-05-02T10:01:08","modified_gmt":"2026-05-02T07:01:08","slug":"yhdistyksen-saannot","status":"publish","type":"page","link":"https:\/\/www.transfeminiinit.fi\/index.php\/yhdistys\/yhdistyksen-saannot\/","title":{"rendered":"Yhdistyksen s\u00e4\u00e4nn\u00f6t"},"content":{"rendered":"\n<div class=\"wp-block-group alignwide has-contrast-3-background-color has-background\"><div class=\"wp-block-group__inner-container is-layout-constrained wp-block-group-is-layout-constrained\">\n<div class=\"wp-block-group alignwide has-base-3-background-color has-background\"><div class=\"wp-block-group__inner-container is-layout-constrained wp-block-group-is-layout-constrained\">\n<h1 class=\"wp-block-heading has-accent-color has-text-color has-link-color wp-elements-a28c70946b554175a4ac05bf93dea0af\">Yhdistyksen s\u00e4\u00e4nn\u00f6t<\/h1>\n\n\n\n<p class=\"has-accent-color has-text-color has-link-color wp-elements-1a3742d3cacbdae13ffd47bf84ce43fe\">Patentti- ja rekisterihallituksen 24.3.2020 hyv\u00e4ksym\u00e4t yhdistyksen s\u00e4\u00e4nn\u00f6t<\/p>\n\n\n\n<hr class=\"wp-block-separator has-text-color has-contrast-3-color has-alpha-channel-opacity has-contrast-3-background-color has-background\"\/>\n\n\n\n<h2 class=\"wp-block-heading has-accent-color has-text-color has-link-color wp-elements-1faaac1d3d76f8d3fb666fca83127ce6\">1. Yhdistyksen nimi ja kotipaikka<\/h2>\n\n\n\n<p class=\"has-accent-color has-text-color has-link-color wp-elements-2a031bc5e4a38c7aacab87393d68327b\">Yhdistyksen nimi on Transfeminiinit ry, ruotsiksi Transfeminina rf ja englanniksi Transfeminines, ja sen kotipaikka on Helsinki.<\/p>\n\n\n\n<h2 class=\"wp-block-heading has-accent-color has-text-color has-link-color wp-elements-dd47d6cec55b4ca8f5981fbcbb3403f5\">2. Tarkoitus ja toiminnan laatu<\/h2>\n\n\n\n<p class=\"has-accent-color has-text-color has-link-color wp-elements-caf12bb6daa4ac1cdf91d371d2163be4\">Yhdistyksen tarkoituksena on edist\u00e4\u00e4 sukupuolisen tasavertaisuuden toteutumista yhteiskunnassa, edist\u00e4\u00e4 eriytisesti transfeminiinej\u00e4 koskevia yhteiskunnallisia oikeuksia, valvoa ja edist\u00e4\u00e4 transihmisten, erityisesti transfeminiinien oikeutta saada tarvitsemaansa hoitoa, ja toimia transfeminiiniseksi itsens\u00e4 m\u00e4\u00e4ritt\u00e4vien henkil\u00f6iden yhdyssiteen\u00e4.<\/p>\n\n\n\n<p class=\"has-accent-color has-text-color has-link-color wp-elements-4385742fff90b777ed901df0fa7306a4\">Tarkoituksensa toteuttamiseksi yhdistys harjoittaa julkaisu-, tiedotus- ja koulutustoimintaa, suorittaa ja tukee tutkimusty\u00f6t\u00e4, harjoittaa sosiaalipalvelutoimintaa, harjoittaa seksuaalivalistusta, edist\u00e4\u00e4 j\u00e4sentens\u00e4 ryhm\u00e4toimintaa, j\u00e4rjest\u00e4\u00e4 vapaa-ajan toimintaa ja julkisia tilaisuuksia sek\u00e4 pit\u00e4\u00e4 yhteytt\u00e4 viranomaisiin ja pyrkii vaikuttamaan yhteiskunnalliseen p\u00e4\u00e4t\u00f6ksentekoon. Yhdistys voi omistaa toimintansa kannalta tarpeellista kiinte\u00e4\u00e4 ja irtainta omaisuutta sek\u00e4 vastaanottaa avustuksia, lahjoituksia ja testamentteja. Yhdistys voi j\u00e4rjest\u00e4\u00e4 ker\u00e4yksi\u00e4 ja arpajaisia sek\u00e4 yll\u00e4pit\u00e4\u00e4 kahvila- ja ravintolatoimintaa asianomaisin luvin.<\/p>\n\n\n\n<h2 class=\"wp-block-heading has-accent-color has-text-color has-link-color wp-elements-8a12ee3f307c3b15324bc0169fc4521d\">3. J\u00e4senet<\/h2>\n\n\n\n<p class=\"has-accent-color has-text-color has-link-color wp-elements-52f45ba146a89008d3166e046c2604cf\">Yhdistykseen j\u00e4seneksi voi liitty\u00e4 jokainen, joka hyv\u00e4ksyy yhdistyksen tarkoituksen ja s\u00e4\u00e4nn\u00f6t. J\u00e4senet hyv\u00e4ksyy hakemuksesta yhdistyksen hallitus. J\u00e4senen voidan erottaa, jos h\u00e4n on j\u00e4tt\u00e4nyt maksamatta j\u00e4senmaksunsa enemm\u00e4n kuin kalenterivuoden verran, tai jos h\u00e4n toimii yhdistyksen periaatteita tai sen s\u00e4\u00e4nt\u00f6jen vastaisesti. P\u00e4\u00e4t\u00f6ksen erottamisesta tekeen yhdistyksen kokous hallituksen esityksest\u00e4.<\/p>\n\n\n\n<h2 class=\"wp-block-heading has-accent-color has-text-color has-link-color wp-elements-0d8a8fe4b56726b61c3c996df52270b3\">4. Liittymis- ja j\u00e4senmaksu<\/h2>\n\n\n\n<p class=\"has-accent-color has-text-color has-link-color wp-elements-f1056745dda7a649dd96413d5a2f879e\">J\u00e4senilt\u00e4 peritt\u00e4v\u00e4n liittymismaksun ja vuotuisen j\u00e4senmaksun suuruudesta p\u00e4\u00e4tt\u00e4\u00e4 syyskokous.<\/p>\n\n\n\n<h2 class=\"wp-block-heading has-accent-color has-text-color has-link-color wp-elements-e49b399420c910cc6bc6424f61874161\">5. Hallitus<\/h2>\n\n\n\n<p class=\"has-accent-color has-text-color has-link-color wp-elements-67da87dbe6031055d861ace49e3b0325\">Yhdistyksen asioita hoitaa hallitus, johon kuuluu syyskokouksessa valitut puheenjohtaja ja varapuheenjohtaja sek\u00e4 1-7 muuta varsinaista j\u00e4sent\u00e4 sek\u00e4 0-8 varaj\u00e4sent\u00e4. Hallituksen toimikausi on kalenterivuosi, paitsi puheenjohtajan ja varapuheenjohtajan, jonka toimikaudet on kaksi vuotta. Hallitus ottaa keskuudestaan tai ulkopuoleltaan sihteerin, rahastonhoitajan ja muut tarvittavat toimihenkil\u00f6t. Hallitus kokoontuu puheenjohtajan tai h\u00e4nen estyneen\u00e4 ollessaan varapuheenjohtajan kutsusta, kun he katsovat siihen olevan aihetta tai kun v\u00e4hint\u00e4\u00e4n puolet hallituksen j\u00e4senist\u00e4 sit\u00e4 vaatii. Hallitus on p\u00e4\u00e4t\u00f6svaltainen, kun v\u00e4hint\u00e4\u00e4n puolet sen j\u00e4senist\u00e4, puheenjohtaja tai varapuheenjohtaja mukaanluettuna on l\u00e4sn\u00e4. \u00c4\u00e4nestykset ratkaistaan ehdottomalla \u00e4\u00e4ntenenemmist\u00f6ll\u00e4. \u00c4\u00e4nten menness\u00e4 tasan ratkaisee puheenjohtajan \u00e4\u00e4ni, vaaleissa kuitenkin arpa.<\/p>\n\n\n\n<h2 class=\"wp-block-heading has-accent-color has-text-color has-link-color wp-elements-df8d98db45aa4985ad3ef37b5d4cf54c\">6. Yhdistyksen nimen kirjoittaminen<\/h2>\n\n\n\n<p class=\"has-accent-color has-text-color has-link-color wp-elements-262852f2d91f9ddbb39d03a8255328c4\">Yhdistyksen nimen kirjoittaa hallituksen puheenjohtaja, varapuheenjohtaja, sihteeri tai rahastonhoitaja, kukin yksin.<\/p>\n\n\n\n<h2 class=\"wp-block-heading has-accent-color has-text-color has-link-color wp-elements-89fa7610549e9ccd8a132bcd53c149bd\">7. Tilikausi<\/h2>\n\n\n\n<p class=\"has-accent-color has-text-color has-link-color wp-elements-0ced5dd4663fc6e770ae733b7f3dfe01\">Yhdistyksen tilikausi on kalenterivuosi.<\/p>\n\n\n\n<h2 class=\"wp-block-heading has-accent-color has-text-color has-link-color wp-elements-bf69598f8a0a61bad5ab948ba7e5fb24\">8. Yhdistyksen kokoukset<\/h2>\n\n\n\n<p class=\"has-accent-color has-text-color has-link-color wp-elements-d26dafbc5068547d363693f38dab004d\">Yhdistyksen kokoukseen voidaan osallistua hallituksen tai yhdistyksen kokouksen niin p\u00e4\u00e4tt\u00e4ess\u00e4 my\u00f6s postitse taikka tietoliikenneyhteyden tai muun teknisen apuv\u00e4lineen avulla kokouksen aikana tai ennen kokousta.<\/p>\n\n\n\n<p class=\"has-accent-color has-text-color has-link-color wp-elements-7b58b969c7a683d238738e9dd17df912\">Yhdistys pit\u00e4\u00e4 vuosittain kaksi varsinaista kokousta. Yhdistyksen kev\u00e4tkokous pidet\u00e4\u00e4n tammi-toukokuussa ja syyskokous syys-joulukuussa hallituksen m\u00e4\u00e4r\u00e4\u00e4m\u00e4n\u00e4 p\u00e4iv\u00e4n\u00e4. Ylim\u00e4\u00e4r\u00e4isi\u00e4 yhdistyksen kokouksia pidet\u00e4\u00e4n hallituksen kutsusta tarvittaessa tai kun v\u00e4hint\u00e4\u00e4n yksi kymmenesosa (1\/10) yhdistyksen \u00e4\u00e4nioikeutetuista j\u00e4senist\u00e4 sit\u00e4 erikseen ilmoitetun asian k\u00e4sittely\u00e4 varten hallitukselta kirjallisesti vaatii.<\/p>\n\n\n\n<p class=\"has-accent-color has-text-color has-link-color wp-elements-f316f141468dde6106e671fe8938fec1\">Yhdistyksen kokouksissa on jokaisella j\u00e4senell\u00e4 yksi \u00e4\u00e4ni.<\/p>\n\n\n\n<p class=\"has-accent-color has-text-color has-link-color wp-elements-2ac497504521d81647cdcf1a99f47ef8\">Yhdistyksen kokouksen p\u00e4\u00e4t\u00f6kseksi tulee, ellei s\u00e4\u00e4nn\u00f6iss\u00e4 ole toisin m\u00e4\u00e4r\u00e4tty, se mielipide, jota on kannattanut yli puolet annetuista \u00e4\u00e4nist\u00e4. \u00c4\u00e4nten menness\u00e4 tasan ratkaisee kokouksen puheenjohtajan \u00e4\u00e4ni, vaaleissa kuitenkin arpa.<\/p>\n\n\n\n<h2 class=\"wp-block-heading has-accent-color has-text-color has-link-color wp-elements-819baea4abcd02732c30edcf413586b1\">9. Yhdistyksen kokousten koollekutsuminen<\/h2>\n\n\n\n<p class=\"has-accent-color has-text-color has-link-color wp-elements-9397ca8ae8d4cce83081cba4c29d15ac\">Hallituksen on kutsuttava yhdistyksen kokoukset koolle v\u00e4hint\u00e4\u00e4n seitsem\u00e4n vuorokautta ennen kokousta j\u00e4senille postitetuilla kirjeill\u00e4 tai s\u00e4hk\u00f6postitse.<\/p>\n\n\n\n<h2 class=\"wp-block-heading has-accent-color has-text-color has-link-color wp-elements-2feab360e0184b6c842bdec87416d67a\">10. Varsinaiset kokoukset<\/h2>\n\n\n\n<p class=\"has-accent-color has-text-color has-link-color wp-elements-863bb97ed33c7471a3c12c9e9a775426\">Yhdistyksen kev\u00e4tkokouksessa k\u00e4sitell\u00e4\u00e4n seuraavat asiat:<\/p>\n\n\n\n<ol class=\"wp-block-list has-accent-color has-text-color has-link-color wp-elements-f45fcef8cf88e9863150ca7e0acb149d\">\n<li>kokouksen avaus<\/li>\n\n\n\n<li>valitaan kokouksen puheenjohtaja, sihteeri, kaksi p\u00f6yt\u00e4kirjantarkastajaa ja tarvittaessa kaksi \u00e4\u00e4ntenlaskijaa<\/li>\n\n\n\n<li>todetaan kokouksen laillisuus ja p\u00e4\u00e4t\u00f6svaltaisuus<\/li>\n\n\n\n<li>hyv\u00e4ksyt\u00e4\u00e4n kokouksen ty\u00f6j\u00e4rjestys<\/li>\n\n\n\n<li>esitet\u00e4\u00e4n tilinp\u00e4\u00e4t\u00f6s, vuosikertomus ja toiminnantarkastajien\/tilintarkastajien lausunto<\/li>\n\n\n\n<li>p\u00e4\u00e4tet\u00e4\u00e4n tilinp\u00e4\u00e4t\u00f6ksen vahvistamisesta ja vastuuvapauden my\u00f6nt\u00e4misest\u00e4 hallitukselle ja muille vastuuvelvollisille<\/li>\n\n\n\n<li>k\u00e4sitell\u00e4\u00e4n muut kokouskutsussa mainitut asiat.<\/li>\n<\/ol>\n\n\n\n<p class=\"has-accent-color has-text-color has-link-color wp-elements-6a682282c70dc9de23b4687fc650cf51\">Yhdistyksen syyskokouksessa k\u00e4sitell\u00e4\u00e4n seuraavat asiat:<\/p>\n\n\n\n<ol class=\"wp-block-list has-accent-color has-text-color has-link-color wp-elements-0aa938f5cc644b5135f06a3316e80606\">\n<li>kokouksen avaus<\/li>\n\n\n\n<li>valitaan kokouksen puheenjohtaja, sihteeri, kaksi p\u00f6yt\u00e4kirjantarkastajaa ja tarvittaessa kaksi \u00e4\u00e4ntenlaskijaa<\/li>\n\n\n\n<li>todetaan kokouksen laillisuus ja p\u00e4\u00e4t\u00f6svaltaisuus<\/li>\n\n\n\n<li>hyv\u00e4ksyt\u00e4\u00e4n kokouksen ty\u00f6j\u00e4rjestys<\/li>\n\n\n\n<li>vahvistetaan toimintasuunnitelma, tulo- ja menoarvio sek\u00e4 liittymis- ja j\u00e4senmaksun suuruus seuraavalle kalenterivuodelle<\/li>\n\n\n\n<li>valitaan hallituksen puheenjohtaja ja varapuheenjohtaja ja muut j\u00e4senet<\/li>\n\n\n\n<li>valitaan yksi tai kaksi toiminnantarkastajaa ja varatoiminnantarkastajaa taikka yksi tai kaksi tilintarkastajaa ja varatilintarkastajaa<\/li>\n\n\n\n<li>k\u00e4sitell\u00e4\u00e4n muut kokouskutsussa mainitut asiat.<\/li>\n<\/ol>\n\n\n\n<p class=\"has-accent-color has-text-color has-link-color wp-elements-a20c9d6fea42596a1dd0dd421090c087\">Mik\u00e4li yhdistyksen j\u00e4sen haluaa saada jonkin asian yhdistyksen kev\u00e4t- tai syyskokouksen k\u00e4sitelt\u00e4v\u00e4ksi, on h\u00e4nen ilmoitettava siit\u00e4 kirjallisesti hallitukselle niin hyviss\u00e4 ajoin, ett\u00e4 asia voidaan sis\u00e4llytt\u00e4\u00e4 kokouskutsuun.<\/p>\n\n\n\n<h2 class=\"wp-block-heading has-accent-color has-text-color has-link-color wp-elements-da9079e8f2a1c2e4e29e64f977cc355e\">11. S\u00e4\u00e4nt\u00f6jen muuttaminen ja yhdistyksen purkaminen<\/h2>\n\n\n\n<p class=\"has-accent-color has-text-color has-link-color wp-elements-4cbb84dd9d92f73d013075c512173e88\">P\u00e4\u00e4t\u00f6s s\u00e4\u00e4nt\u00f6jen muuttamisesta ja yhdistyksen purkamisesta on teht\u00e4v\u00e4 yhdistyksen kokouksessa v\u00e4hint\u00e4\u00e4n kolmen nelj\u00e4sosan (3\/4) enemmist\u00f6ll\u00e4 annetuista \u00e4\u00e4nist\u00e4. Kokouskutsussa on mainittava s\u00e4\u00e4nt\u00f6jen muuttamisesta tai yhdistyksen purkamisesta. Yhdistyksen purkautuessa k\u00e4ytet\u00e4\u00e4n yhdistyksen varat yhdistyksen tarkoituksen edist\u00e4miseen purkamisesta p\u00e4\u00e4tt\u00e4v\u00e4n kokouksen m\u00e4\u00e4r\u00e4\u00e4m\u00e4ll\u00e4 tavalla. Yhdistyksen tullessa lakkautetuksi k\u00e4ytet\u00e4\u00e4n sen varat samaan tarkoitukseen.<\/p>\n<\/div><\/div>\n<\/div><\/div>\n","protected":false},"excerpt":{"rendered":"<p>Yhdistyksen s\u00e4\u00e4nn\u00f6t Patentti- ja rekisterihallituksen 24.3.2020 hyv\u00e4ksym\u00e4t yhdistyksen s\u00e4\u00e4nn\u00f6t 1. Yhdistyksen nimi ja kotipaikka Yhdistyksen nimi on Transfeminiinit ry, ruotsiksi Transfeminina rf ja englanniksi Transfeminines, ja sen kotipaikka on Helsinki. 2. Tarkoitus ja toiminnan laatu Yhdistyksen tarkoituksena on edist\u00e4\u00e4 sukupuolisen tasavertaisuuden toteutumista yhteiskunnassa, edist\u00e4\u00e4 eriytisesti transfeminiinej\u00e4 koskevia yhteiskunnallisia oikeuksia, valvoa ja edist\u00e4\u00e4 transihmisten, erityisesti transfeminiinien &#8230; <a title=\"Yhdistyksen s\u00e4\u00e4nn\u00f6t\" class=\"read-more\" href=\"https:\/\/www.transfeminiinit.fi\/index.php\/yhdistys\/yhdistyksen-saannot\/\" aria-label=\"Lue lis\u00e4\u00e4 aiheesta Yhdistyksen s\u00e4\u00e4nn\u00f6t\">Lue lis\u00e4\u00e4<\/a><\/p>\n","protected":false},"author":3,"featured_media":0,"parent":76,"menu_order":0,"comment_status":"closed","ping_status":"closed","template":"","meta":{"footnotes":""},"class_list":["post-84","page","type-page","status-publish"],"_links":{"self":[{"href":"https:\/\/www.transfeminiinit.fi\/index.php\/wp-json\/wp\/v2\/pages\/84","targetHints":{"allow":["GET"]}}],"collection":[{"href":"https:\/\/www.transfeminiinit.fi\/index.php\/wp-json\/wp\/v2\/pages"}],"about":[{"href":"https:\/\/www.transfeminiinit.fi\/index.php\/wp-json\/wp\/v2\/types\/page"}],"author":[{"embeddable":true,"href":"https:\/\/www.transfeminiinit.fi\/index.php\/wp-json\/wp\/v2\/users\/3"}],"replies":[{"embeddable":true,"href":"https:\/\/www.transfeminiinit.fi\/index.php\/wp-json\/wp\/v2\/comments?post=84"}],"version-history":[{"count":1,"href":"https:\/\/www.transfeminiinit.fi\/index.php\/wp-json\/wp\/v2\/pages\/84\/revisions"}],"predecessor-version":[{"id":1722,"href":"https:\/\/www.transfeminiinit.fi\/index.php\/wp-json\/wp\/v2\/pages\/84\/revisions\/1722"}],"up":[{"embeddable":true,"href":"https:\/\/www.transfeminiinit.fi\/index.php\/wp-json\/wp\/v2\/pages\/76"}],"wp:attachment":[{"href":"https:\/\/www.transfeminiinit.fi\/index.php\/wp-json\/wp\/v2\/media?parent=84"}],"curies":[{"name":"wp","href":"https:\/\/api.w.org\/{rel}","templated":true}]}}